{"id":309,"date":"2025-11-12T14:53:33","date_gmt":"2025-11-12T13:53:33","guid":{"rendered":"https:\/\/ja-zur-individualbesteuerung.ch\/?page_id=309"},"modified":"2025-12-22T08:01:51","modified_gmt":"2025-12-22T07:01:51","slug":"ajouter-une-statement","status":"publish","type":"page","link":"https:\/\/ja-zur-individualbesteuerung.ch\/fr\/ajouter-une-statement\/","title":{"rendered":"Ajouter une statement"},"content":{"rendered":"\n<h1 class=\"wp-block-heading\">Soutiens la campagne avec ton t\u00e9moignage<\/h1>\n\n\n\n<p>Tu peux soumettre ton t\u00e9moignage concernant le projet de votation.<\/p>\n\n\n\n<p>Remplis tous les champs obligatoires du formulaire et r\u00e9dige ton t\u00e9moignage (500 caract\u00e8res au maximum).<\/p>\n\n\n\n<p>Le t\u00e9l\u00e9chargement d&rsquo;une photo portrait est <strong>facultatif<\/strong>, mais recommand\u00e9.<\/p>\n\n\n\n<p>Apr\u00e8s l&rsquo;envoi, tu re\u00e7ois un <strong>e-mail de confirmation<\/strong>. Ton t\u00e9moignage sera ensuite examin\u00e9 par notre r\u00e9daction. Une fois approuv\u00e9, il paraitra sur la <strong><a href=\"https:\/\/ja-zur-individualbesteuerung.ch\/fr\/statements\/\" data-type=\"page\" data-id=\"307\">page des t\u00e9moignages<\/a><\/strong> avec ton nom, ta profession, ton parti (si indiqu\u00e9) et ton canton.<\/p>\n\n\n\n<p>Ton adresse e-mail <strong>ne sera pas publi\u00e9e<\/strong> et servira uniquement \u00e0 te contacter au sujet de ton t\u00e9moignage.<\/p>\n\n\n\n<p>En envoyant le formulaire, tu confirmes que tes informations sont correctes et que tu acceptes leur publication.<\/p>\n\n\n        <form class=\"uk-form-stacked wpstatements-form\" method=\"post\" enctype=\"multipart\/form-data\">\n            <div class=\"wpstatements-live-errors\" style=\"display:none;\" uk-alert><\/div>\n\n            <input type=\"hidden\" id=\"wpstatements_nonce\" name=\"wpstatements_nonce\" value=\"ec625fe068\" \/><input type=\"hidden\" name=\"_wp_http_referer\" value=\"\/fr\/wp-json\/wp\/v2\/pages\/309\" \/>                        <input type=\"hidden\" name=\"wpstat_redirect\" value=\"\/fr\/wp-json\/wp\/v2\/pages\/309\">\n            <div uk-grid>\n                <div class=\"uk-width-1-2@m\">\n                    <label class=\"uk-form-label\">Pr\u00e9nom *<\/label>\n                    <div class=\"uk-form-controls\">\n                        <input class=\"uk-input\" type=\"text\" name=\"wpstat_first_name\" required>\n                    <\/div>\n                <\/div>\n    \n            <div class=\"uk-width-1-2@m\">\n                    <label class=\"uk-form-label\">Nom *<\/label>\n                    <div class=\"uk-form-controls\">\n                        <input class=\"uk-input\" type=\"text\" name=\"wpstat_last_name\" required>\n                    <\/div>\n                <\/div>\n    \n                <div class=\"uk-width-1-2@m\">\n                    <label class=\"uk-form-label\">Profession<\/label>\n                    <div class=\"uk-form-controls\">\n                        <input class=\"uk-input\" type=\"text\" name=\"wpstat_job_title\">\n                    <\/div>\n                <\/div>\n    \n                <div class=\"uk-width-1-2@m\">\n                    <label class=\"uk-form-label\">Parti<\/label>\n                    <div class=\"uk-form-controls\">\n                        <input class=\"uk-input\" type=\"text\" name=\"wpstat_party\">\n                    <\/div>\n                <\/div>\n    \n                <div class=\"uk-width-1-2@m\">\n                    <label class=\"uk-form-label\">E-mail (ne sera pas publi\u00e9)<\/label>\n                    <div class=\"uk-form-controls\">\n                        <input class=\"uk-input\" type=\"email\" name=\"wpstat_email\" placeholder=\"name@example.ch\">\n                    <\/div>\n                <\/div>\n                \n                <div class=\"uk-width-1-2@m\">\n                    <label class=\"uk-form-label\">Canton *<\/label>\n                    <div class=\"uk-form-controls\">\n                        <select class=\"uk-select\" name=\"wpstat_canton\" required>\n                            <option value=\"\">Veuillez s\u00e9lectionner<\/option>\n                                                            <option value=\"AG\">Argovie<\/option>\n                                                            <option value=\"AI\">Appenzell Rhodes-Int\u00e9rieures<\/option>\n                                                            <option value=\"AR\">Appenzell Rhodes-Ext\u00e9rieures<\/option>\n                                                            <option value=\"BE\">Berne<\/option>\n                                                            <option value=\"BL\">B\u00e2le-Campagne<\/option>\n                                                            <option value=\"BS\">B\u00e2le-Ville<\/option>\n                                                            <option value=\"FR\">Fribourg<\/option>\n                                                            <option value=\"GE\">Gen\u00e8ve<\/option>\n                                                            <option value=\"GL\">Glaris<\/option>\n                                                            <option value=\"GR\">Grisons<\/option>\n                                                            <option value=\"JU\">Jura<\/option>\n                                                            <option value=\"LU\">Lucerne<\/option>\n                                                            <option value=\"NE\">Neuch\u00e2tel<\/option>\n                                                            <option value=\"NW\">Nidwald<\/option>\n                                                            <option value=\"OW\">Obwald<\/option>\n                                                            <option value=\"SG\">Saint-Gall<\/option>\n                                                            <option value=\"SH\">Schaffhouse<\/option>\n                                                            <option value=\"SO\">Soleure<\/option>\n                                                            <option value=\"SZ\">Schwytz<\/option>\n                                                            <option value=\"TG\">Thurgovie<\/option>\n                                                            <option value=\"TI\">Tessin<\/option>\n                                                            <option value=\"UR\">Uri<\/option>\n                                                            <option value=\"VD\">Vaud<\/option>\n                                                            <option value=\"VS\">Valais<\/option>\n                                                            <option value=\"ZG\">Zoug<\/option>\n                                                            <option value=\"ZH\">Zurich<\/option>\n                                                    <\/select>\n                    <\/div>\n                <\/div>\n    \n    \n                <div class=\"uk-width-1-1@m\">\n                    <label class=\"uk-form-label\">T\u00e9moignage (500 caract\u00e8res maximum) *<\/label>\n                    <div class=\"uk-form-controls\">\n                        <textarea class=\"uk-textarea wpstatements-statement-input\" name=\"wpstat_statement\" rows=\"4\" required><\/textarea>\n                        <div class=\"wpstatements-counter\"><span class=\"wpstatements-count\">0<\/span>\/<span>500<\/span><\/div>\n                        <div class=\"uk-alert-danger wpstat-field-error wpstat-statement-error\" style=\"display:none;\"><\/div>\n                    <\/div>\n                <\/div>\n            \n    \n                <div class=\"uk-width-1-1@m\">\n                    <label class=\"uk-form-label\">Photo portrait (JPEG\/PNG\/WebP, facultatif)<\/label>\n                    <div class=\"uk-form-controls\">\n                        <input class=\"uk-input file\" type=\"file\" name=\"wpstat_image\" accept=\"image\/jpeg,image\/png,image\/webp\">\n                        <div class=\"wpstatements-image-preview uk-margin-small-top\"><\/div>\n                        <div class=\"uk-alert-danger wpstat-field-error wpstat-image-error\" style=\"display:none;\"><\/div>\n                    <\/div>\n                <\/div>\n    \n                <div class=\"uk-margin\">\n                    <label>\n                        <input class=\"uk-checkbox\" type=\"checkbox\" name=\"wpstat_privacy\" value=\"1\" required>\n                        Je confirme l&#039;exactitude de mes informations et donne mon accord pour l&#039;utilisation de mon t\u00e9moignage et de ma photo sur ce site web.                    <\/label>\n                <\/div>\n    \n                <div class=\"uk-margin\">\n                    <button class=\"uk-button uk-button-primary\" type=\"submit\" name=\"wpstat_submit\"> Soumettre un t\u00e9moignage<\/button>\n                <\/div>\n    \n                <div class=\"wpstatements-honeypot\" style=\"position:absolute;left:-9999px;\">\n                    <label>Bitte dieses Feld leer lassen<\/label>\n                    <input type=\"text\" name=\"wpstat_hp\" value=\"\">\n                <\/div>\n            <\/div>\n        <\/form>\n        \n\n\n\n<div style=\"height:100px\" aria-hidden=\"true\" class=\"wp-block-spacer\"><\/div>\n","protected":false},"excerpt":{"rendered":"Soutiens la campagne avec ton t\u00e9moignage Tu peux soumettre ton t\u00e9moignage concernant le projet de votation. Remplis tous les champs obligatoires du formulaire et r\u00e9dige ton t\u00e9moignage (500 caract\u00e8res au maximum). Le t\u00e9l\u00e9chargement d&rsquo;une photo portrait est facultatif, mais recommand\u00e9. Apr\u00e8s l&rsquo;envoi, tu re\u00e7ois un e-mail de confirmation. Ton t\u00e9moignage sera ensuite examin\u00e9 par notre r\u00e9daction. Une fois approuv\u00e9, il paraitra sur la page des t\u00e9moignages avec ton nom, ta profession, ton parti (si indiqu\u00e9) et ton canton. Ton adresse [&hellip;]","protected":false},"author":1,"featured_media":0,"parent":0,"menu_order":0,"comment_status":"closed","ping_status":"closed","template":"","meta":{"_acf_changed":false,"footnotes":""},"class_list":["post-309","page","type-page","status-publish","hentry"],"acf":[],"yoast_head":"<!-- This site is optimized with the Yoast SEO plugin v27.5 - https:\/\/yoast.com\/product\/yoast-seo-wordpress\/ -->\n<title>Ajouter une statement - Oui \u00e0 l&#039;imposition individuelle<\/title>\n<meta name=\"description\" content=\"Partagez votre t\u00e9moignage - Soutiens la campagne avec ton t\u00e9moignage\" \/>\n<meta name=\"robots\" content=\"index, follow, max-snippet:-1, max-image-preview:large, max-video-preview:-1\" \/>\n<link rel=\"canonical\" href=\"https:\/\/ja-zur-individualbesteuerung.ch\/fr\/ajouter-une-statement\/\" \/>\n<meta property=\"og:locale\" content=\"fr_FR\" \/>\n<meta property=\"og:type\" content=\"article\" \/>\n<meta property=\"og:title\" content=\"Ajouter une statement - Oui \u00e0 l&#039;imposition individuelle\" \/>\n<meta property=\"og:description\" content=\"Partagez votre t\u00e9moignage - Soutiens la campagne avec ton t\u00e9moignage\" \/>\n<meta property=\"og:url\" content=\"https:\/\/ja-zur-individualbesteuerung.ch\/fr\/ajouter-une-statement\/\" \/>\n<meta property=\"og:site_name\" content=\"Oui \u00e0 l&#039;imposition individuelle\" \/>\n<meta property=\"article:modified_time\" content=\"2025-12-22T07:01:51+00:00\" \/>\n<meta name=\"twitter:card\" content=\"summary_large_image\" \/>\n<meta name=\"twitter:label1\" content=\"Dur\u00e9e de lecture estim\u00e9e\" \/>\n\t<meta name=\"twitter:data1\" content=\"1 minute\" \/>\n<script type=\"application\/ld+json\" class=\"yoast-schema-graph\">{\"@context\":\"https:\\\/\\\/schema.org\",\"@graph\":[{\"@type\":\"WebPage\",\"@id\":\"https:\\\/\\\/ja-zur-individualbesteuerung.ch\\\/fr\\\/ajouter-une-statement\\\/\",\"url\":\"https:\\\/\\\/ja-zur-individualbesteuerung.ch\\\/fr\\\/ajouter-une-statement\\\/\",\"name\":\"Ajouter une statement - Oui \u00e0 l'imposition individuelle\",\"isPartOf\":{\"@id\":\"https:\\\/\\\/ja-zur-individualbesteuerung.ch\\\/fr\\\/#website\"},\"datePublished\":\"2025-11-12T13:53:33+00:00\",\"dateModified\":\"2025-12-22T07:01:51+00:00\",\"description\":\"Partagez votre t\u00e9moignage - Soutiens la campagne avec ton t\u00e9moignage\",\"breadcrumb\":{\"@id\":\"https:\\\/\\\/ja-zur-individualbesteuerung.ch\\\/fr\\\/ajouter-une-statement\\\/#breadcrumb\"},\"inLanguage\":\"fr-FR\",\"potentialAction\":[{\"@type\":\"ReadAction\",\"target\":[\"https:\\\/\\\/ja-zur-individualbesteuerung.ch\\\/fr\\\/ajouter-une-statement\\\/\"]}]},{\"@type\":\"BreadcrumbList\",\"@id\":\"https:\\\/\\\/ja-zur-individualbesteuerung.ch\\\/fr\\\/ajouter-une-statement\\\/#breadcrumb\",\"itemListElement\":[{\"@type\":\"ListItem\",\"position\":1,\"name\":\"Home\",\"item\":\"https:\\\/\\\/ja-zur-individualbesteuerung.ch\\\/fr\\\/\"},{\"@type\":\"ListItem\",\"position\":2,\"name\":\"Ajouter une statement\"}]},{\"@type\":\"WebSite\",\"@id\":\"https:\\\/\\\/ja-zur-individualbesteuerung.ch\\\/fr\\\/#website\",\"url\":\"https:\\\/\\\/ja-zur-individualbesteuerung.ch\\\/fr\\\/\",\"name\":\"Ja zur Individualbesteuerung\",\"description\":\"\",\"potentialAction\":[{\"@type\":\"SearchAction\",\"target\":{\"@type\":\"EntryPoint\",\"urlTemplate\":\"https:\\\/\\\/ja-zur-individualbesteuerung.ch\\\/fr\\\/?s={search_term_string}\"},\"query-input\":{\"@type\":\"PropertyValueSpecification\",\"valueRequired\":true,\"valueName\":\"search_term_string\"}}],\"inLanguage\":\"fr-FR\"}]}<\/script>\n<!-- \/ Yoast SEO plugin. -->","yoast_head_json":{"title":"Ajouter une statement - Oui \u00e0 l'imposition individuelle","description":"Partagez votre t\u00e9moignage - Soutiens la campagne avec ton t\u00e9moignage","robots":{"index":"index","follow":"follow","max-snippet":"max-snippet:-1","max-image-preview":"max-image-preview:large","max-video-preview":"max-video-preview:-1"},"canonical":"https:\/\/ja-zur-individualbesteuerung.ch\/fr\/ajouter-une-statement\/","og_locale":"fr_FR","og_type":"article","og_title":"Ajouter une statement - Oui \u00e0 l'imposition individuelle","og_description":"Partagez votre t\u00e9moignage - Soutiens la campagne avec ton t\u00e9moignage","og_url":"https:\/\/ja-zur-individualbesteuerung.ch\/fr\/ajouter-une-statement\/","og_site_name":"Oui \u00e0 l'imposition individuelle","article_modified_time":"2025-12-22T07:01:51+00:00","twitter_card":"summary_large_image","twitter_misc":{"Dur\u00e9e de lecture estim\u00e9e":"1 minute"},"schema":{"@context":"https:\/\/schema.org","@graph":[{"@type":"WebPage","@id":"https:\/\/ja-zur-individualbesteuerung.ch\/fr\/ajouter-une-statement\/","url":"https:\/\/ja-zur-individualbesteuerung.ch\/fr\/ajouter-une-statement\/","name":"Ajouter une statement - Oui \u00e0 l'imposition individuelle","isPartOf":{"@id":"https:\/\/ja-zur-individualbesteuerung.ch\/fr\/#website"},"datePublished":"2025-11-12T13:53:33+00:00","dateModified":"2025-12-22T07:01:51+00:00","description":"Partagez votre t\u00e9moignage - Soutiens la campagne avec ton t\u00e9moignage","breadcrumb":{"@id":"https:\/\/ja-zur-individualbesteuerung.ch\/fr\/ajouter-une-statement\/#breadcrumb"},"inLanguage":"fr-FR","potentialAction":[{"@type":"ReadAction","target":["https:\/\/ja-zur-individualbesteuerung.ch\/fr\/ajouter-une-statement\/"]}]},{"@type":"BreadcrumbList","@id":"https:\/\/ja-zur-individualbesteuerung.ch\/fr\/ajouter-une-statement\/#breadcrumb","itemListElement":[{"@type":"ListItem","position":1,"name":"Home","item":"https:\/\/ja-zur-individualbesteuerung.ch\/fr\/"},{"@type":"ListItem","position":2,"name":"Ajouter une statement"}]},{"@type":"WebSite","@id":"https:\/\/ja-zur-individualbesteuerung.ch\/fr\/#website","url":"https:\/\/ja-zur-individualbesteuerung.ch\/fr\/","name":"Ja zur Individualbesteuerung","description":"","potentialAction":[{"@type":"SearchAction","target":{"@type":"EntryPoint","urlTemplate":"https:\/\/ja-zur-individualbesteuerung.ch\/fr\/?s={search_term_string}"},"query-input":{"@type":"PropertyValueSpecification","valueRequired":true,"valueName":"search_term_string"}}],"inLanguage":"fr-FR"}]}},"_links":{"self":[{"href":"https:\/\/ja-zur-individualbesteuerung.ch\/fr\/wp-json\/wp\/v2\/pages\/309","targetHints":{"allow":["GET"]}}],"collection":[{"href":"https:\/\/ja-zur-individualbesteuerung.ch\/fr\/wp-json\/wp\/v2\/pages"}],"about":[{"href":"https:\/\/ja-zur-individualbesteuerung.ch\/fr\/wp-json\/wp\/v2\/types\/page"}],"author":[{"embeddable":true,"href":"https:\/\/ja-zur-individualbesteuerung.ch\/fr\/wp-json\/wp\/v2\/users\/1"}],"replies":[{"embeddable":true,"href":"https:\/\/ja-zur-individualbesteuerung.ch\/fr\/wp-json\/wp\/v2\/comments?post=309"}],"version-history":[{"count":2,"href":"https:\/\/ja-zur-individualbesteuerung.ch\/fr\/wp-json\/wp\/v2\/pages\/309\/revisions"}],"predecessor-version":[{"id":331,"href":"https:\/\/ja-zur-individualbesteuerung.ch\/fr\/wp-json\/wp\/v2\/pages\/309\/revisions\/331"}],"wp:attachment":[{"href":"https:\/\/ja-zur-individualbesteuerung.ch\/fr\/wp-json\/wp\/v2\/media?parent=309"}],"curies":[{"name":"wp","href":"https:\/\/api.w.org\/{rel}","templated":true}]}}